{"id":698,"date":"2019-02-22T10:08:20","date_gmt":"2019-02-22T10:08:20","guid":{"rendered":"http:\/\/www.mga.es\/notas-legales\/"},"modified":"2021-11-11T08:06:15","modified_gmt":"2021-11-11T08:06:15","slug":"politica-de-privacitat","status":"publish","type":"page","link":"https:\/\/www.mga.es\/ca\/politica-de-privacitat\/","title":{"rendered":"Pol\u00edtica de privacitat"},"content":{"rendered":"<p>En compliment de la ley 34\/2002, de 11 de juliol, de Servicios de la Sociedad de la informaci\u00f3n y del comercio electr\u00f3nico, s\u2019informa que la titular de la p\u00e0gina web \u00e9s la societat GRUPO MGA-NEW PARK, S.L. (en el successiu, MGA), amb N.I.F. B-64236052 i domiciliada a 08290 Cerdanyola del Vall\u00e8s (Barcelona), Carrer Fargaires, 1-3 (Parc Tecnol\u00f2gic del Vall\u00e8s). Es troba inscrita al Registre de la Propietat de Barcelona, al Tom 38669, Foli 1, Fulla B-330858.<\/p>\n<p>Direcci\u00f3 de correu electr\u00f2nic de contacte: info@mga.es<\/p>\n<p>Atenci\u00f3 telef\u00f2nica: +34 93 582 45 55<\/p>\n<p><strong>PROPIETAT INTELECTUAL<br \/>\n<\/strong>\u00a9 Copyright 2019 MGA, tots els drets d\u2019explotaci\u00f3 estan reservats. Els drets de propietat intel\u00b7lectual sobre el contingut \u00edntegre d\u2019aquesta p\u00e0gina s\u00f3n propietat de MGA.<\/p>\n<p>Queda prohibida la reproducci\u00f3, retransmissi\u00f3, c\u00f2pia, cessi\u00f3 o difusi\u00f3, total o parcial, del seu contingut, sense autoritzaci\u00f3 expressa i per escrit, del seu titular.<\/p>\n<p>Aix\u00ed mateix, est\u00e0 prohibida:<\/p>\n<p>Incloure refer\u00e8ncies externes als continguts de MGA mitjan\u00e7ant finestres i(o frames, obviant que aquest contingut s\u2019ha extret del seu Lloc Web.<\/p>\n<p>Difondre imatges o qualsevol tipus de contingut del Lloc Web de MGA en p\u00e0gines alienes a aquesta, sense comptar amb l\u2019autoritzaci\u00f3 expressa de MGA.<\/p>\n<p><strong>RESPONSABILITAT DELS CONTINGUTS I ENLLA\u00c7OS<br \/>\n<\/strong>MGA no assumeix la responsabilitat de les infraccions que els usuaris puguin inc\u00f3rrer o dels danys i perjudicis que puguin o es vulguin causes per la utilitzaci\u00f3 d\u2019aquesta web i es reserva el dret d\u2019actualitzar i modificar la informaci\u00f3 sense previ av\u00eds.<\/p>\n<p>MGA no assumeix cap tipus de responsabilitat respecte al seu contingut, veracitat i error dels enlla\u00e7os als quals es pot accedir a trav\u00e9s de la p\u00e0gina web. La \u00fanica finalitat dels enlla\u00e7os \u00e9s proporcionar als usuaris l\u2019acc\u00e9s a una informaci\u00f3 que pugui ser del seu inter\u00e8s.<\/p>\n<p><em><strong>POL\u00cdTICA DE PRIVACITAT I TRACTAMENT DE LES DADES DE CAR\u00c0CTER PERSONAL<br \/>\n<\/strong><\/em><em>MGA, en compliment del que disposa el Reglament 2016\/679, del Parlament Europeu y del Consell, de 27 d\u2019abril de 2016 (en endavant, denominat \u201cRGPD\u201d), com a responsable del Lloc Web, informa a tots els usuaris que facilitin o vagin a facilitar les seves dades personals, que aquestes seran objecte del tractament entre les activitats de tractament de www.mga.es, de conformitat amb el que preveu l\u2019article 30 del RGPD.<\/em><\/p>\n<p><strong><em>QU\u00c8 \u00c9S UNA DADA I UN TRACTAMENT DE CAR\u00c0CTER PERSONAL?<br \/>\n<\/em><\/strong><em>S\u00f3n aquelles dades que identifiquen o permeten identificar a una persona. Per exemple, les dades que poden identificar directament a una persona s\u00f3n el nom i cognoms, mentre que el n\u00famero de D.N.I. pot arribar a identificar-la. Les dades de car\u00e0cter personal inclouen informaci\u00f3 com el tel\u00e8fon m\u00f2bil, la direcci\u00f3 de correu electr\u00f2nic, data de naixement i sexe entre d\u2019altres. Tamb\u00e9 podria incloure els identificadors num\u00e8rics com la direcci\u00f3 IP del seu ordinador, aix\u00ed com la informaci\u00f3 que s\u2019obt\u00e9 de les cookies.<\/em><\/p>\n<p><em>Un tractament de car\u00e0cter personal \u00e9s tota operaci\u00f3 o conjunt d\u2019operacions que realitzem sobre les seves dades personals, com per exemple, la recollida, registre, conservaci\u00f3, utilitzaci\u00f3 i comunicaci\u00f3 de les seves dades.<\/em><\/p>\n<p><strong><em>RESPONSABLE DEL TRACTAMENT<br \/>\n<\/em><\/strong><em>La Societat\u00a0<strong>GRUPO MGA-NEW PARK, S.L., amb N.I.F. B64236052<\/strong> (en endavant, \u201cl\u2019EMPRESA\u201d), amb domicili a Carrer Fargaires 1-3, Parc Tecnol\u00f2gic del Vall\u00e8s, de Cerdanyola del Vall\u00e8s (08290, Barcelona), \u00e9s la entitat responsable del tractament de les seves dades de car\u00e0cter personal, per les finalitats que a continuaci\u00f3 es descriuen. <\/em><\/p>\n<p><strong><em>QUI \u00c9S EL DELEGAT ED PROTECCI\u00d3 DE DADES<br \/>\n<\/em><\/strong><em>\u00c9s el responsable que vela pel compliment diligent de la normativa de protecci\u00f3 de dades de car\u00e0cter personal. Pots contactar amb el nostre Delegat de Protecci\u00f3 de Dades a la seg\u00fcent direcci\u00f3: Carrer Fargaires, 1-3 (Parc Tecnol\u00f2gic del Vall\u00e8s), de Cerdanyola del Vall\u00e8s (08290, Barcelona), o a la direcci\u00f3 electr\u00f2nica dpo@mga.es<\/em><\/p>\n<p><strong><em>COM OBTENIM LES SEVES DADES<br \/>\n<\/em><\/strong><em>Les seves dades s\u2019obtenen directament de vost\u00e8, perqu\u00e8 ens les ha rem\u00e8s a trav\u00e9s d\u2019alguna de les vies que GRUPO MGA posa a disposici\u00f3 dels candidats per la gesti\u00f3 de les seves convocat\u00f2ries de selecci\u00f3 de personal.<\/em><\/p>\n<p><em>Aix\u00ed mateix, tamb\u00e9 podem obtenir les dades de la candidatura a trav\u00e9s d\u2019empreses de selecci\u00f3 de persona a les quals vost\u00e8 ha recorregut per la seva recerca de feina.<\/em><\/p>\n<p><strong><em>QUINES DADES PERSONALS TRACTEM DE VOST\u00c8 I PER A QU\u00c8 TRACTEM LES SEVES DADES PERSONALS<br \/>\n<\/em><\/strong><em>Les seves dades personals seran tractades amb la finalitat de poder valorar la seva candidatura per optar a llocs de treball vacants a la nostra organitzaci\u00f3. Entre aquestes dades generalment es troben les seg\u00fcents:<\/em><\/p>\n<p style=\"padding-left: 30px;\"><strong><em>\u00b7\u00a0Dades inicials:<\/em><\/strong><\/p>\n<p style=\"padding-left: 60px;\"><em>\u00b7\u00a0Al complimentar el formulari d\u2019enviament del teu CV disponible al nostre Lloc Web, accedim a les seg\u00fcents dades personals:<\/em><\/p>\n<p style=\"padding-left: 90px;\"><em>\u2013\u00a0Nom<br \/>\n<\/em><em>\u2013 Cognoms<br \/>\n<\/em><em>\u2013 Direcci\u00f3 de correu electr\u00f2nic<br \/>\n<\/em><em>\u2013 Tel\u00e8fon<\/em><\/p>\n<p style=\"padding-left: 60px;\"><em>\u00b7 <\/em><em>Les dades contingudes al seu CV, i <\/em><\/p>\n<p style=\"padding-left: 30px;\"><em><strong>\u00b7 Dades addicionals:<\/strong> tamb\u00e9 seran objecte de tractament les dades vinculades a vost\u00e8 que es generin o elaborin durant els processos de selecci\u00f3 en els quals vost\u00e8 pugui ser incl\u00f2s.<\/em><\/p>\n<p><strong><em>PER QUIN MOTIU PODEM TRACTAR LES SEVES DADES PERSONALS<br \/>\n<\/em><\/strong>El tractament de les seves dades personals est\u00e0 legitimada per l\u2019aplicaci\u00f3, a sol\u00b7licitud seva, de mesures precontractuals entre vost\u00e8 i el Grup MGA, consistents en els processos de selecci\u00f3 conduents a la seva possible incorporaci\u00f3 a la plantilla de la nostra organitzaci\u00f3.<br \/>\nConservarem les seves dades personals per futurs processos de selecci\u00f3 en base al nostre inter\u00e8s leg\u00edtim per agilitzar aquests processos, sense que aix\u00f2 vulneri els seus drets al haver-nos-els facilitat volunt\u00e0riament. Aix\u00f2, sense perjudici de qu\u00e8 vost\u00e8 pugui, ara o en qualsevol moment, oposant-se i exercir els drets que s\u2019expliquen a l\u2019apartat \u201cQUINS S\u00d3N ELS SEUS DRETS\u201d del present document.<\/p>\n<p><strong><em>CESSIONS A TERCERS<br \/>\n<\/em><\/strong>Les seves dades podran ser cedides als destinataris que s\u2019indiquen a continuaci\u00f3, pels motius que a continuaci\u00f3 s\u2019expliquen:<\/p>\n<p style=\"padding-left: 30px;\"><em>\u2013\u00a0Administracions P\u00fabliques: per el compliment de les obligacions legals a les que el GRUP MGA est\u00e0 subjecta per la seva activitat.<br \/>\n<\/em><em>\u2013\u00a0Altres empreses del Grup Empresarial del RESPONSABLE DEL TRACTAMENT, podr\u00e0 comunicar les dades personals dels sol\u00b7licitats o candidats, documentat a trav\u00e9s de la subscripci\u00f3 de contractes de confidencialitat y de tractament de dades personals i exigits per la normativa per protegir la seva privacitat.<br \/>\n<\/em><em>\u2013\u00a0Prove\u00efdors que precisin accedir a les seves dades per la prestaci\u00f3 de serveis que el GRUP MGA hagi contractat a aquests prove\u00efdors, i amb els quals GRUP MGA t\u00e9 subscrits acords de confidencialitat i de tractament de dades personals necessaris i exigits per la normativa per protegir la seva privacitat.<br \/>\n<\/em><em>\u2013\u00a0Aix\u00ed mateix, \u00e9s possible que puguem comunicar les seves dades personals, previ requeriment legal o base que legitimi la comunicaci\u00f3 a tribunals u organismes de l\u2019administraci\u00f3 p\u00fablica.<\/em><\/p>\n<p><em>Si en el futur, GRUPO MGA realitz\u00e9s altres cessions de dades personals, l\u2019informar\u00edem oportunament.<\/em><\/p>\n<p><strong><em>TRANSFER\u00c8NCIES INTERNACIONALS<br \/>\n<\/em><\/strong><em>GRUPO MGA no realitza transfer\u00e8ncies de dades a pa\u00efsos que no disposen de normativa equivalent a la europea (\u201cTercers Pa\u00efsos\u201d).<\/em><\/p>\n<p><em>En el cas de que la nostra entitat precis\u00e9s contractar serveis de prove\u00efdors ubicats a Tercers Pa\u00efsos pel tractament de les seves dades, aquesta contractaci\u00f3 es realitzaria previ compliment de tots els requisits establerts per la normativa de protecci\u00f3 de dades, i aplicant les garanties i salvaguardes necess\u00e0ries per preservar la seva privacitat.<\/em><\/p>\n<p><strong><em>DECISIONS AUTOMATITZADES<br \/>\n<\/em><\/strong><em>L\u2019informem que les seves dades personals no s\u00f3n objecte de decisions automatitzades. Tots els processos de presa de decisions de la nostra entitat relacionades amb les seves candidatures es realitzarien amb intervenci\u00f3 humana.<\/em><\/p>\n<p><strong><em>DURANT QUAN TEMPS GUARDAREM LES SEVES DADES PERSONALS<br \/>\n<\/em><\/strong>L\u2019informem que les seves dades es conservaran durant el temps necessari per portar a terme el proc\u00e9s de selecci\u00f3, o com a m\u00e0xim, transcorregut el termini d\u2019UN (1) any des de la seva recepci\u00f3.<\/p>\n<p>Finalitzant aquest termini, les seves dades seran eliminades o, alternativament, anonimitzades.<\/p>\n<p><strong><em>QUINS S\u00d3N ELS SEUS DRETS<br \/>\n<\/em><\/strong><em>Pot exercir els seus drets d\u2019acc\u00e9s, rectificaci\u00f3, supressi\u00f3 i portabilitat, limitaci\u00f3 i\/o oposici\u00f3 al tractament, a trav\u00e9s de les dades postal i electr\u00f2niques indicades a l\u2019apartat \u201cRESPONSABLE DEL TRACTAMENT\u201d.<\/em><\/p>\n<p style=\"padding-left: 30px;\"><strong><em>Dret d\u2019acc\u00e9s<\/em><\/strong><br \/>\n<em>T\u00e9 dret a qu\u00e8 GRUP MGA li confirmi si est\u00e0 tractant o no les seves dades persones, i en tal cas, el dret a con\u00e8ixer quines dades tracta.<\/em><\/p>\n<p style=\"padding-left: 30px;\"><em><strong>Dret de rectificaci\u00f3<\/strong><br \/>\nConsisteix en la possibilitat de que pugui millorar aquelles dades que siguin inexactes o incompletes, devent en la sol\u00b7licitud de rectificaci\u00f3 indicar quines dades desitja que es modifiquin.<br \/>\n<\/em><\/p>\n<p style=\"padding-left: 30px;\"><em><strong>Dret d\u2019oposici\u00f3<\/strong><br \/>\nPot oposar-se en qualsevol moment al fet que tractem les seves dades. T\u00e9 el dret a oposar-se en qualsevol moment, per motius relacionats amb la seva situaci\u00f3 particular, a quines dades personals que li concerneixen siguin objecte d\u2019un tractament basat en l\u2019inter\u00e8s leg\u00edtim de l\u2019empresa. \u00a0GRUP MGA deixar\u00e0 de tractar les seves dades, excepte si acreditem motius leg\u00edtims imperiosos pel tractament que prevalguin sobre els seus interessos, drets i llibertats, o per la formulaci\u00f3, l\u2019exercici o la defensa de reclamacions.<br \/>\n<\/em><\/p>\n<p style=\"padding-left: 30px;\"><em><strong>Dret de supressi\u00f3<\/strong><br \/>\nAquest dret permet la cancel\u00b7laci\u00f3 de les seves dades personals. Les dades es conservaran bloquejades de manera que impedeixi el seu tractament, sense perjudici de la seva posada a disposici\u00f3 de les administracions p\u00fabliques, jutges i tribunals, per l\u2019atenci\u00f3 de possibles responsabilitats que hagin sorgit del tractament durant el seu termini de prescripci\u00f3.<br \/>\n<\/em><\/p>\n<p style=\"padding-left: 30px;\"><em><strong>Dret a la portabilitat de les seves dades<\/strong><br \/>\nT\u00e9 dret a copiar i transferir dades de de la nostra base de dades a un altre responsable de tractament. Nom\u00e9s \u00e9s possible exercir aquest dret quan el tractament estigui basat en l\u2019execuci\u00f3 d\u2019un contracte o en el consentiment i el tractament es realitzi per medis automatitzats.<br \/>\n<\/em><\/p>\n<p style=\"padding-left: 30px;\"><em><strong>Dret a la limitaci\u00f3 del seu tractament<\/strong><br \/>\nAquest dret permet sol\u00b7licitar-nos que suspenem el tractament de les seves dades quan:<br \/>\n\u00b7 Impugni la exactitud de les seves dades, mentre el GRUP MGA verifica aquesta exactitud.<br \/>\n\u00b7 Hagi exercit el seu dret d\u2019oposici\u00f3 al tractament de les seves dades mentre es verifica si els motius leg\u00edtims de GRUP MGA, prevalen sobre els seus com interessat.<br \/>\nIgualment aquest dret li permet sol\u00b7licitar a GRUP MGA que conservi les seves dades personals quan:<br \/>\n\u00b7 El tractament de les dades sigui l\u00edcit i com interessat s\u2019oposi a la supressi\u00f3 de les seves dades i sol\u00b7liciti en el seu lloc una limitaci\u00f3 del seu \u00fas.<br \/>\n\u00b7 GRUP MGA ja no necessiti les seves dades personals per les finalitats del tractament, per\u00f2 les necessiti per la formulaci\u00f3, exercici, o defensa de reclamacions.<br \/>\n<\/em><\/p>\n<p><em>Aix\u00ed mateix, si vost\u00e8 considera que el tractament de les seves dades personals vulnera la normativa o els seus drets de privacitat, pot presentar una reclamaci\u00f3:<\/em><\/p>\n<p style=\"padding-left: 30px;\"><em>\u2013\u00a0<\/em><em>A trav\u00e9s de les direccions postal i electr\u00f2nica indicades anteriorment. \u00a0<\/em><\/p>\n<p style=\"padding-left: 30px;\"><em>\u2013\u00a0<\/em><em>Enfront l\u2019Ag\u00e8ncia Espanyola de Protecci\u00f3 de Dades, a trav\u00e9s de la seva seu electr\u00f2nica (<\/em><a href=\"https:\/\/www.aepd.es\/\"><em>https:\/\/www.aepd.es\/<\/em><\/a><em>)\u00a0 o de la seva direcci\u00f3 postal C\/ Jorge Juan, 6. 28001 \u2013 Madrid.<\/em><\/p>\n<p><strong>Llei i Jurisdicci\u00f3 Aplicable<br \/>\n<\/strong><em>Les anteriors condicions es regiran per la normativa espanyola. Qualsevol discrep\u00e0ncia o controv\u00e8rsia que no pugui solucionar-se de mutu acord s\u2019haur\u00e0 de substanciar davant els Jutjats i Tribunals de la ciutat de Barcelona. <\/em><\/p>\n<p>&nbsp;<\/p>\n","protected":false},"excerpt":{"rendered":"<p>En compliment de la ley 34\/2002, de 11 de juliol, de Servicios de la Sociedad de la informaci\u00f3n y del comercio electr\u00f3nico, s\u2019informa que la titular de la p\u00e0gina web \u00e9s la societat GRUPO MGA-NEW PARK, S.L. (en el successiu, MGA), amb N.I.F. B-64236052 i domiciliada a 08290 Cerdanyola del Vall\u00e8s (Barcelona), Carrer Fargaires, 1-3&#8230;  <a class=\"excerpt-read-more\" href=\"https:\/\/www.mga.es\/ca\/politica-de-privacitat\/\" title=\"Read Pol\u00edtica de privacitat\">Read more &raquo;<\/a><\/p>\n","protected":false},"author":1,"featured_media":0,"parent":0,"menu_order":0,"comment_status":"closed","ping_status":"closed","template":"page-legal.php","meta":{"_acf_changed":false,"footnotes":""},"class_list":["post-698","page","type-page","status-publish","hentry"],"acf":[],"_links":{"self":[{"href":"https:\/\/www.mga.es\/ca\/wp-json\/wp\/v2\/pages\/698","targetHints":{"allow":["GET"]}}],"collection":[{"href":"https:\/\/www.mga.es\/ca\/wp-json\/wp\/v2\/pages"}],"about":[{"href":"https:\/\/www.mga.es\/ca\/wp-json\/wp\/v2\/types\/page"}],"author":[{"embeddable":true,"href":"https:\/\/www.mga.es\/ca\/wp-json\/wp\/v2\/users\/1"}],"replies":[{"embeddable":true,"href":"https:\/\/www.mga.es\/ca\/wp-json\/wp\/v2\/comments?post=698"}],"version-history":[{"count":13,"href":"https:\/\/www.mga.es\/ca\/wp-json\/wp\/v2\/pages\/698\/revisions"}],"predecessor-version":[{"id":2114,"href":"https:\/\/www.mga.es\/ca\/wp-json\/wp\/v2\/pages\/698\/revisions\/2114"}],"wp:attachment":[{"href":"https:\/\/www.mga.es\/ca\/wp-json\/wp\/v2\/media?parent=698"}],"curies":[{"name":"wp","href":"https:\/\/api.w.org\/{rel}","templated":true}]}}